{"id":1116,"date":"2024-11-12T21:12:19","date_gmt":"2024-11-12T19:12:19","guid":{"rendered":"https:\/\/jsens.fi\/?page_id=1116"},"modified":"2026-02-14T17:31:06","modified_gmt":"2026-02-14T15:31:06","slug":"sml-jsens-hoytia-2025-sm","status":"publish","type":"page","link":"https:\/\/jsens.fi\/?page_id=1116","title":{"rendered":"SML Vancar H\u00f6yti\u00e4 enduro 2026"},"content":{"rendered":"\n<div class=\"wp-block-columns is-layout-flex wp-container-core-columns-is-layout-9d6595d7 wp-block-columns-is-layout-flex\">\n<div class=\"wp-block-column is-layout-flow wp-block-column-is-layout-flow\" style=\"flex-basis:66.66%\">\n<figure class=\"wp-block-image size-large\"><a href=\"https:\/\/jsens.fi\/wp-content\/uploads\/2026\/02\/JSENS_SM_0226_nb.pdf\" target=\"_blank\" rel=\" noreferrer noopener\"><img loading=\"lazy\" decoding=\"async\" width=\"724\" height=\"1024\" src=\"https:\/\/jsens.fi\/wp-content\/uploads\/2026\/02\/JSENS_SM_0226_kansi-724x1024.jpg\" alt=\"\" class=\"wp-image-1535\" srcset=\"https:\/\/jsens.fi\/wp-content\/uploads\/2026\/02\/JSENS_SM_0226_kansi-724x1024.jpg 724w, https:\/\/jsens.fi\/wp-content\/uploads\/2026\/02\/JSENS_SM_0226_kansi-212x300.jpg 212w, https:\/\/jsens.fi\/wp-content\/uploads\/2026\/02\/JSENS_SM_0226_kansi-768x1086.jpg 768w, https:\/\/jsens.fi\/wp-content\/uploads\/2026\/02\/JSENS_SM_0226_kansi-1086x1536.jpg 1086w, https:\/\/jsens.fi\/wp-content\/uploads\/2026\/02\/JSENS_SM_0226_kansi-1448x2048.jpg 1448w, https:\/\/jsens.fi\/wp-content\/uploads\/2026\/02\/JSENS_SM_0226_kansi.jpg 1654w\" sizes=\"auto, (max-width: 724px) 100vw, 724px\" \/><\/a><\/figure>\n\n\n\n<p>Vancar H\u00f6yti\u00e4 enduro 2026 j\u00e4rjestet\u00e4\u00e4n 14.2.2026 Keski-Suomessa Jyv\u00e4skyl\u00e4n kupeessa. Reitti kulkee H\u00f6yti\u00e4ll\u00e4 ja luvassa on kolme hienoa maastokoetta. Reitti on suunniteltu kaikentasoisille kuskeille sopivaksi, my\u00f6s ensikertalaisille. Ei sis\u00e4ll\u00e4 vaikeita paikkoja ja jokainen p\u00e4\u00e4see ajamalla l\u00e4vitse. Vain lyhyet tiesiirtym\u00e4t, joten haalarihuoltoa ei tarvitse. Reitiss\u00e4 on hy\u00f6dynnetty paljon osuuksia edellisvuoden kilpailusta, joten luvassa vaihtelevia maastoja, korkeuseroja, teknisi\u00e4 osioita ja vauhdikasta spooria, kaikki kuljettajat huomioiden.<\/p>\n\n\n\n<p>Kilpailumalli poikkeaa hieman normaalista. Ilmoittautuminen ja katsastus aukeavat klo 11:00 ja ensimm\u00e4iset kuljettajat l\u00e4htev\u00e4t matkaan klo 13:30. My\u00f6h\u00e4isen aloitusajan ansiosta p\u00e4\u00e4st\u00e4\u00e4n ajamaan my\u00f6s h\u00e4m\u00e4r\u00e4ss\u00e4 ja pime\u00e4ss\u00e4 (luokasta riippuen 1-2 kierrosta). Nyt on siis loistava tilaisuus ajaa kilpaa my\u00f6s pime\u00e4ll\u00e4, vaikkei P\u00e4itsi kev\u00e4\u00e4n kalenterissa olisikaan.<\/p>\n\n\n\n<blockquote class=\"wp-block-quote is-layout-flow wp-block-quote-is-layout-flow\">\n<p>HUOM! Kilpailun tiedotuksessa on k\u00e4yt\u00f6ss\u00e4 <a href=\"https:\/\/www.sportity.com\/app\" target=\"_blank\" rel=\"noreferrer noopener\">Sportity<\/a> sovellus! Tarkemmat ohjeet sovelluksen k\u00e4ytt\u00f6\u00f6nottoon l\u00f6ytyy kisan <a href=\"https:\/\/jsens.fi\/?page_id=1156\" target=\"_blank\" rel=\"noreferrer noopener\">ilmoitustaululta &gt;&gt;<\/a><\/p>\n<\/blockquote>\n\n\n\n<p>My\u00f6s yleis\u00f6lle on luvassa vauhtia ja j\u00e4nnityst\u00e4. Tarkemmat ohjeet katselupaikoille ja lis\u00e4tiedot kilpailukeskuksen palveluista l\u00f6ytyv\u00e4t <a href=\"https:\/\/jsens.fi\/?page_id=1185\" target=\"_blank\" rel=\"noreferrer noopener\">Yleis\u00f6lle -osiosta &gt;&gt;<\/a>. Yleis\u00f6\u00e4kin palvelee k\u00e4yt\u00f6ss\u00e4 oleva Sportity -sovellus, josta l\u00f6ytyy kaikki kilpailua koskeva informaatio. Lataa Sportity sovelluskaupastasi ja p\u00e4\u00e4set helposti k\u00e4siksi reittikarttoihin ja l\u00e4ht\u00f6luetteloon. Tarkemmat ohjeet kirjautumiseen l\u00f6yd\u00e4t <a href=\"https:\/\/jsens.fi\/?page_id=1156\">ilmoitustaululta &gt;&gt;<\/a><\/p>\n\n\n\n<blockquote class=\"wp-block-quote is-layout-flow wp-block-quote-is-layout-flow\">\n<p><a href=\"https:\/\/jsens.fi\/?page_id=1156\" data-type=\"page\" data-id=\"1116\">KILPAILUN VIRALLINEN ILMOITUSTAULU &gt;&gt;<\/a><\/p>\n\n\n\n<p><a href=\"https:\/\/issuu.com\/tuireaho\/docs\/sml_vancar_h_yti_enduro_-k_siohjelma\" data-type=\"link\" data-id=\"https:\/\/issuu.com\/tuireaho\/docs\/sml_vancar_h_yti_enduro_-k_siohjelma\">S\u00c4HK\u00d6INEN K\u00c4SIOHJELMA &gt;&gt;<\/a><\/p>\n\n\n\n<p><a href=\"https:\/\/jsens.fi\/wp-content\/uploads\/2026\/02\/JSENS_SM_0226_nb.pdf\">K\u00c4SIOHJELMA (PDF)<\/a><\/p>\n<\/blockquote>\n\n\n\n<h2 class=\"wp-block-heading\">Kilpailijalle<\/h2>\n\n\n\n<p><strong>Kilpailuluokat, Ilmoittautuminen ja maksut:<\/strong> <\/p>\n\n\n\n<p>U20 ja Naisten SM, V40, V50 ja V60 Suomen Cup. Kansalliset luokat A1, A2, A3, B1, B2, B3, C16, C21 ja C40. Hinta kaikissa luokissa 80\u20ac.<\/p>\n\n\n\n<p><strong>HUOM!<\/strong>&nbsp;2025 Urheilus\u00e4\u00e4nn\u00f6st\u00f6n mukaisesti ilmoittautumisaika p\u00e4\u00e4ttyy 5.2.2026 klo 20:00. J\u00e4lki-ilmoittautuminen mahdollista 7.2.2026 klo 20:00 asti.&nbsp;Ilmoittautumisen peruutuksesta ilmoittautumisajan j\u00e4lkeen veloitetaan k\u00e4sittelymaksu 10\u20ac. Ne kuljettajat, joilla ei ole viel\u00e4 kiinte\u00e4\u00e4 numeroa, saavat numeron ilmoittautumisen p\u00e4\u00e4tytty\u00e4.<\/p>\n\n\n\n<p>Koska osa kierroksista ajetaan pime\u00e4ll\u00e4, kannattaa valoihin kiinnitt\u00e4\u00e4 huomiota. Ajovalomaskiin voi kiinnitt\u00e4\u00e4 lis\u00e4valon, mutta tieliikenteess\u00e4 tulee k\u00e4ytt\u00e4\u00e4 tieliikenneasetusten mukaisia ajovaloja. Ajovalojen k\u00e4ytt\u00f6\u00e4 valvotaan s\u00e4\u00e4nt\u00f6jen mukaisesti my\u00f6s valoisana aikana.<\/p>\n\n\n\n<p><strong>GPS SEURANTA<\/strong><\/p>\n\n\n\n<p><strong>GPS-seurantapalvelu kilpailun aikana!<\/strong> Haluatko jakaa paikkatietosi huollollesi, j\u00e4rjest\u00e4jille tai katsojalle, joka haluaa seurata ajoasi? GPS-seurannan avulla sinut voidaan paikantaa nopeasti esimerkiksi keskeytyksen sattuessa ja apu on nopeammin saatavilla. Kalkku tarjoaa kilpailun aikaisen GPS-seurantapalvelun. Katso tarkemmat ohjeet ilmoitustaululta tai kalkun sivuilta alla olevasta linkist\u00e4.<\/p>\n\n\n\n<p>Kalkun ohjeet: <\/p>\n\n\n\n<p><a href=\"https:\/\/docs.google.com\/presentation\/u\/0\/d\/1Nt6SyRlT5FNkeBP2O2U-KjRB_TOFSRw2IZiogF9UCGU\/htmlpresent\">https:\/\/docs.google.com\/presentation\/u\/0\/d\/1Nt6SyRlT5FNkeBP2O2U-KjRB_TOFSRw2IZiogF9UCGU\/htmlpresent<\/a><\/p>\n\n\n\n<p>GPS-seuranta parantaa turvallisuutta ja helpottaa huoltoa \u2013 ota se k\u00e4ytt\u00f6\u00f6n ja aja huoletta!<\/p>\n\n\n\n<p><strong>TULOKSET<\/strong><\/p>\n\n\n\n<p><strong>Livetulokset<\/strong> osoitteessa <a href=\"http:\/\/live.kalkku.fi\" target=\"_blank\" rel=\"noreferrer noopener\">live.kalkku.fi<\/a>, viralliset tulokset l\u00f6ytyv\u00e4t ilmoitustaululta ja Sportitysta. <\/p>\n\n\n\n<p><strong>AIKATAULU<\/strong><\/p>\n\n\n\n<p>Ilmoittautuminen ja katsastus 11:00 alkaen. <strong>HUOM! Kilpailun alkamisaika muuttunut. Kilpailu alkaa klo 13:30.<\/strong> Kilpailun aikataulu l\u00f6ytyy my\u00f6s ilmoitustaululta.<\/p>\n\n\n\n<figure class=\"wp-block-image size-large\"><img loading=\"lazy\" decoding=\"async\" width=\"1024\" height=\"972\" src=\"https:\/\/jsens.fi\/wp-content\/uploads\/2026\/02\/Aikataulu_13022026-1024x972.png\" alt=\"\" class=\"wp-image-1555\" srcset=\"https:\/\/jsens.fi\/wp-content\/uploads\/2026\/02\/Aikataulu_13022026-1024x972.png 1024w, https:\/\/jsens.fi\/wp-content\/uploads\/2026\/02\/Aikataulu_13022026-300x285.png 300w, https:\/\/jsens.fi\/wp-content\/uploads\/2026\/02\/Aikataulu_13022026-768x729.png 768w, https:\/\/jsens.fi\/wp-content\/uploads\/2026\/02\/Aikataulu_13022026.png 1338w\" sizes=\"auto, (max-width: 1024px) 100vw, 1024px\" \/><\/figure>\n\n\n\n<p><strong>KILPAILUKESKUS<\/strong><\/p>\n\n\n\n<p>Kilpailukeskus sijaitsee H\u00f6yti\u00e4n koululla osoitteessa <a href=\"https:\/\/www.google.com\/maps\/place\/Uuraisten+Koulukeskus\/@62.5025411,25.4302473,17z\/data=!3m1!4b1!4m6!3m5!1s0x4685bb42b5400ad7:0xa3012affc9c6ea2!8m2!3d62.5025411!4d25.4302473!16s%2Fg%2F1tfz8v2b?entry=ttu&amp;g_ep=EgoyMDI0MTIxMS4wIKXMDSoASAFQAw%3D%3D\"><\/a><a href=\"https:\/\/www.google.com\/maps\/place\/\/data=!4m2!3m1!1s0x4685bd4a05560ddf:0x90b2e46caf603f10?sa=X&amp;ved=1t:8290&amp;ictx=111\">H\u00f6yti\u00e4ntie 634, 41220 H\u00f6yti\u00e4<\/a>.<\/p>\n\n\n\n<p>HUOM! Tiimipaikkoja ei tilanpuutteen vuoksi ole tarjolla. Samasta syyst\u00e4 toivomme, ett\u00e4 kilpailijat suosisivat kimppakyytej\u00e4. <\/p>\n\n\n\n<p>Alta l\u00f6yd\u00e4t varikkokartan ja toimintojen sijainnit. Karttaa p\u00e4\u00e4see zoomailemaan linkist\u00e4:  <a href=\"https:\/\/kartta.paikkatietoikkuna.fi\/published\/fi\/4b5e0572-2b10-470c-8156-e7b581b52db1\">https:\/\/kartta.paikkatietoikkuna.fi\/published\/fi\/4b5e0572-2b10-470c-8156-e7b581b52db1<\/a><\/p>\n\n\n\n<figure class=\"wp-block-image size-large\"><img loading=\"lazy\" decoding=\"async\" width=\"1024\" height=\"576\" src=\"https:\/\/jsens.fi\/wp-content\/uploads\/2026\/02\/Vancar-enduro-2026-keskus-2-1024x576.png\" alt=\"\" class=\"wp-image-1481\" srcset=\"https:\/\/jsens.fi\/wp-content\/uploads\/2026\/02\/Vancar-enduro-2026-keskus-2-1024x576.png 1024w, https:\/\/jsens.fi\/wp-content\/uploads\/2026\/02\/Vancar-enduro-2026-keskus-2-300x169.png 300w, https:\/\/jsens.fi\/wp-content\/uploads\/2026\/02\/Vancar-enduro-2026-keskus-2-768x432.png 768w, https:\/\/jsens.fi\/wp-content\/uploads\/2026\/02\/Vancar-enduro-2026-keskus-2-1536x864.png 1536w, https:\/\/jsens.fi\/wp-content\/uploads\/2026\/02\/Vancar-enduro-2026-keskus-2.png 1920w\" sizes=\"auto, (max-width: 1024px) 100vw, 1024px\" \/><\/figure>\n\n\n\n<p><strong>ILMOITTAUTUMINEN<\/strong><\/p>\n\n\n\n<p>Ilmoittautuminen tapahtuu kilpailukeskuksessa klo 11:00 alkaen. Kilpailijan on suoritettava ilmoittautuminen sek\u00e4 katsastus viimeist\u00e4\u00e4n 30 min ennen omaa l\u00e4ht\u00f6aikaansa. Katsastuksesta my\u00f6h\u00e4stynytt\u00e4 kilpailijaa rangaistaan 60 sekunnin aikarangaistuksella. Ilmoittautumisen yhteydess\u00e4 kilpailijat saavat heijastintarran, joka liimataan pime\u00e4ll\u00e4 k\u00e4ytett\u00e4v\u00e4\u00e4n kyp\u00e4r\u00e4\u00e4n.<\/p>\n\n\n\n<p><strong>Transponderit:<\/strong> Mik\u00e4li kilpailijalta puuttuu py\u00f6r\u00e4st\u00e4 ponderit, ne voi ostaa ilmoittautumisen yhteydess\u00e4 hintaan 5\u20ac\/pari. Maksu Mobilepaylla tai k\u00e4teisell\u00e4 (tasaraha).<\/p>\n\n\n\n<p><strong>KATSASTUS<\/strong><\/p>\n\n\n\n<p>Katsastus tapahtuu kilpailukeskuksessa klo 11:00 alkaen. Katsastuksessa tulee esitt\u00e4\u00e4 moottoripy\u00f6r\u00e4st\u00e4 s\u00e4\u00e4nt\u00f6jen mukaiset asiakirjat sek\u00e4 s\u00e4\u00e4nt\u00f6jenmukainen rinta- ja selk\u00e4suoja. <\/p>\n\n\n\n<p>Katsastuksen j\u00e4lkeen py\u00f6r\u00e4t siirret\u00e4\u00e4n takaisin varikkoalueelle. Suljettua varikkoa ei ole ennen eik\u00e4 j\u00e4lkeen kilpailun. Huomioithan, ett\u00e4 l\u00e4ht\u00f6linjalle on kuitenkin saavuttava sammutetuin moottorein. <\/p>\n\n\n\n<p><strong>YMP\u00c4RIST\u00d6OHJEET<\/strong><\/p>\n\n\n\n<p>Huoltoalueella tulee moottoripy\u00f6rien alla olla aina huoltomatto. Sen k\u00e4ytt\u00f6\u00e4 tullaan valvomaan.&nbsp;Jokaisen kilpailijan tai joukkueen varikko- ja huoltopaikalla tulee olla k\u00e4ytt\u00f6valmiina ja helposti saatavilla v\u00e4hint\u00e4\u00e4n 6 kg:n sammutin.&nbsp;<\/p>\n\n\n\n<p>Kilpailukeskuksesta l\u00f6ytyy wc-tilat koulun tiloista.<\/p>\n\n\n\n<p>Kilpailijat saavat ilmoittautumisen yhteydess\u00e4 roskapussin sekaj\u00e4tteille.&nbsp;Huoltoalueella on my\u00f6s erikseen osoitettu paikka j\u00e4tteille. Ker\u00e4ysastiat l\u00f6ytyv\u00e4t mm. \u00f6ljylle, kemikaaleille ja sekaj\u00e4tteille. Lis\u00e4ksi kilpailun j\u00e4rjest\u00e4j\u00e4 varaa imeytysmateriaalia mahdollisen vahingon varalle.<\/p>\n\n\n\n<p>Koska huoltoalue sijaitsee osittain pellolla, niin pyyd\u00e4mme kaikki, niin kilpailijoita kuin yleis\u00f6\u00e4 huolehtimaan roskat ja j\u00e4tteet niille kuuluviin paikkoihin. Kilpailija vastaa poistuessaan, ett\u00e4 h\u00e4nen huoltoalueelle ei j\u00e4\u00e4 mit\u00e4\u00e4n j\u00e4tteit\u00e4. N\u00e4in s\u00e4ilyt\u00e4mme alueen ymp\u00e4rist\u00f6n puhtaana.&nbsp;<\/p>\n\n\n\n<p>Kilpailukeskus sijaitsee koulun alueella, mink\u00e4 vuoksi tupakointi huoltoalueella ja kilpailukeskuksessa on ehdottomasti kielletty.&nbsp;<\/p>\n\n\n\n<p><strong>TULOKSET JA PALKITTAVAT<\/strong><\/p>\n\n\n\n<div class=\"wp-block-group\"><div class=\"wp-block-group__inner-container is-layout-constrained wp-block-group-is-layout-constrained\">\n<p class=\"has-text-align-left\">Kaikissa luokissa palkitaan 3 (kolme) parasta kuljettajaa. <\/p>\n<\/div><\/div>\n\n\n\n<ul class=\"wp-block-list\">\n<li>Livetulokset kilpailun aikana <a href=\"http:\/\/live.kalkku.fi\" target=\"_blank\" rel=\"noreferrer noopener\">live.kalkku.fi<\/a>. <\/li>\n\n\n\n<li><a href=\"https:\/\/jsens.fi\/?page_id=1156\" data-type=\"page\" data-id=\"1116\">Kilpailun Ilmoitustaulu<\/a>  <\/li>\n\n\n\n<li><a href=\"https:\/\/www.sportity.com\/app\" target=\"_blank\" rel=\"noreferrer noopener\">Sportity<\/a> -sovellus<\/li>\n\n\n\n<li>Tulokset p\u00e4ivittyy kalkkuun: <a href=\"https:\/\/kalkku.fi\/tulokset\/26\/en\/6\/\">https:\/\/kalkku.fi\/tulokset\/26\/en\/6\/<\/a><\/li>\n<\/ul>\n\n\n\n<p><strong>REITTIKUVAUS<\/strong><\/p>\n\n\n\n<ul class=\"wp-block-list\">\n<li>Reitin kuvaus: Maastokokeet maastossa ja mets\u00e4autoteill\u00e4. Mukana my\u00f6s maastosiirtym\u00e4\u00e4 ja yhteeens\u00e4 n. 2 km tiesiirtym\u00e4\u00e4.<\/li>\n\n\n\n<li>Reitin pituus: 27 km \/ kierros &gt; kolme maastokoetta kierroksella.<\/li>\n\n\n\n<li>Kierroksia ajetaan seuraavasti: A, B, V40 ja V50 -luokat ajavat 4 kierrosta ja Naiset, C ja V60 -luokat ajavat kierroksen v\u00e4hemm\u00e4n eli 3 kierrosta. <\/li>\n\n\n\n<li>Ajetaan ensiksi kaksi kierrosta, jonka j\u00e4lkeen pidet\u00e4\u00e4n v\u00e4h\u00e4n pidempi huoltotauko. Sen j\u00e4lkeen A, B, V40 ja V50 -luokat ajavat 2 kierrosta pime\u00e4ss\u00e4 ja Naiset, C sek\u00e4 V60 -luokat 1 kierroksen. Maastokoeaikaa noin 30 min per kierros.<\/li>\n\n\n\n<li>Zoomailtava kartta reitteineen ja kisakeskus toimintoineen: <a href=\"https:\/\/kartta.paikkatietoikkuna.fi\/published\/fi\/4b5e0572-2b10-470c-8156-e7b581b52db1\">https:\/\/kartta.paikkatietoikkuna.fi\/published\/fi\/4b5e0572-2b10-470c-8156-e7b581b52db1<\/a><\/li>\n<\/ul>\n\n\n\n<figure class=\"wp-block-image size-full\"><img loading=\"lazy\" decoding=\"async\" width=\"986\" height=\"618\" src=\"https:\/\/jsens.fi\/wp-content\/uploads\/2026\/01\/Vancar-enduro-2026-reitti.png\" alt=\"\" class=\"wp-image-1451\" srcset=\"https:\/\/jsens.fi\/wp-content\/uploads\/2026\/01\/Vancar-enduro-2026-reitti.png 986w, https:\/\/jsens.fi\/wp-content\/uploads\/2026\/01\/Vancar-enduro-2026-reitti-300x188.png 300w, https:\/\/jsens.fi\/wp-content\/uploads\/2026\/01\/Vancar-enduro-2026-reitti-768x481.png 768w\" sizes=\"auto, (max-width: 986px) 100vw, 986px\" \/><\/figure>\n\n\n\n<p>Reitti suunniteltu kaikentasoisille kuskeille sopivaksi, my\u00f6s ensikertalaisille. Ei sis\u00e4ll\u00e4 vaikeita paikkoja ja jokainen p\u00e4\u00e4see ajamalla l\u00e4vitse. Vain lyhyet tiesiirtym\u00e4t, joten haalarihuoltoa ei tarvitse. Reitiss\u00e4 on hy\u00f6dynnetty paljon osuuksia edellisvuoden kilpailusta.<\/p>\n\n\n\n<p>Kilpailu starttaa 2km tiesiirtym\u00e4ll\u00e4. Tieosuuden j\u00e4lkeen on noin 2km maasto-osuus ennen MK1:st\u00e4.<\/p>\n\n\n\n<p><strong>MK1 Kaivuty\u00f6 Salmela Oy<\/strong>: Alkaa vauhdikkaasti mets\u00e4koneuria pitkin, jonka j\u00e4lkeen siirryt\u00e4\u00e4n teknisemm\u00e4lle osuudelle muutamine m\u00e4kinousuineen. Loppu nopeasti etenev\u00e4\u00e4 mets\u00e4koneuraa aina hiekkamontulle asti, johon maastokoe p\u00e4\u00e4ttyy. Pituus 3,5km. HUOM! Alla olevassa reittikuvassa molemmat MK1 sek\u00e4 MK2.<\/p>\n\n\n\n<figure class=\"wp-block-image size-full\"><img loading=\"lazy\" decoding=\"async\" width=\"731\" height=\"746\" src=\"https:\/\/jsens.fi\/wp-content\/uploads\/2026\/01\/Vancarenduro-2026-MK1-ja-MK2.png\" alt=\"\" class=\"wp-image-1449\" srcset=\"https:\/\/jsens.fi\/wp-content\/uploads\/2026\/01\/Vancarenduro-2026-MK1-ja-MK2.png 731w, https:\/\/jsens.fi\/wp-content\/uploads\/2026\/01\/Vancarenduro-2026-MK1-ja-MK2-294x300.png 294w\" sizes=\"auto, (max-width: 731px) 100vw, 731px\" \/><\/figure>\n\n\n\n<p><strong>MK2 Marine<\/strong>: Heti MK1 per\u00e4\u00e4n. L\u00e4ht\u00f6 hiekkamontulta pitk\u00e4\u00e4n loivaan yl\u00e4m\u00e4keen. Jatkuu harvennetussa m\u00e4nnik\u00f6ss\u00e4 mets\u00e4koneuria pitkin, jonka j\u00e4lkeen reitti palaa takaisin hiekkamontulle. Alun hitaamman osuuden j\u00e4lkeen tulee selke\u00e4 rytminvaihdos kun p\u00e4\u00e4st\u00e4\u00e4n auratulle hiekkamonttuosuudelle. Auratun osuuden j\u00e4lkeen reitti jatkuu vauhdikkaana ja jouheana aina maaliin saakka. Pituus 4,5km. HUOM! Alla olevassa reittikuvassa molemmat MK1 sek\u00e4 MK2.<\/p>\n\n\n\n<figure class=\"wp-block-image size-full\"><img loading=\"lazy\" decoding=\"async\" width=\"731\" height=\"746\" src=\"https:\/\/jsens.fi\/wp-content\/uploads\/2026\/01\/Vancarenduro-2026-MK1-ja-MK2.png\" alt=\"\" class=\"wp-image-1449\" srcset=\"https:\/\/jsens.fi\/wp-content\/uploads\/2026\/01\/Vancarenduro-2026-MK1-ja-MK2.png 731w, https:\/\/jsens.fi\/wp-content\/uploads\/2026\/01\/Vancarenduro-2026-MK1-ja-MK2-294x300.png 294w\" sizes=\"auto, (max-width: 731px) 100vw, 731px\" \/><\/figure>\n\n\n\n<p>Tiesiirtym\u00e4\u00e4 1,5km.<\/p>\n\n\n\n<p><strong>MK3 Keljon Konehuolto<\/strong>: Alkaa jouhealla mets\u00e4osuudella, jonka j\u00e4lkeen muutamat hyppyrit sek\u00e4 peltomutkat. Reitti jatkuu rytmikk\u00e4\u00e4sti edeten kohti vanhaa pellon pohjaa, miss\u00e4 koivujen vilist\u00e4ess\u00e4 joku saattaa p\u00e4\u00e4st\u00e4 jopa p\u00e4\u00e4suuttimelle. Reitti etenee jouheasti mets\u00e4ss\u00e4 kohti lopun mets\u00e4autotiet\u00e4. Lopuksi lyhyt osuus s\u00e4hk\u00f6linjan alla. Pituus 8km.<\/p>\n\n\n\n<figure class=\"wp-block-image size-full\"><img loading=\"lazy\" decoding=\"async\" width=\"774\" height=\"679\" src=\"https:\/\/jsens.fi\/wp-content\/uploads\/2026\/01\/Vancar-enduro-2026-MK3.png\" alt=\"\" class=\"wp-image-1452\" srcset=\"https:\/\/jsens.fi\/wp-content\/uploads\/2026\/01\/Vancar-enduro-2026-MK3.png 774w, https:\/\/jsens.fi\/wp-content\/uploads\/2026\/01\/Vancar-enduro-2026-MK3-300x263.png 300w, https:\/\/jsens.fi\/wp-content\/uploads\/2026\/01\/Vancar-enduro-2026-MK3-768x674.png 768w\" sizes=\"auto, (max-width: 774px) 100vw, 774px\" \/><\/figure>\n\n\n\n<p>MK3 j\u00e4lkeen mets\u00e4autoteit\u00e4 sek\u00e4 maastosiirtym\u00e4\u00e4 3km sek\u00e4 0,5km asfalttitiet\u00e4 huoltoon \/maaliin.<\/p>\n\n\n\n<p><\/p>\n\n\n\n<p><strong>REITTIVIDEOT:<\/strong><\/p>\n\n\n\n<figure class=\"wp-block-embed is-type-video is-provider-youtube wp-block-embed-youtube wp-embed-aspect-16-9 wp-has-aspect-ratio\"><div class=\"wp-block-embed__wrapper\">\n<iframe loading=\"lazy\" title=\"SML Vancar H\u00f6yti\u00e4 enduro 2026, MK1\" width=\"680\" height=\"383\" src=\"https:\/\/www.youtube.com\/embed\/HrCaRC2vxb4?feature=oembed\" frameborder=\"0\" allow=\"accelerometer; autoplay; clipboard-write; encrypted-media; gyroscope; picture-in-picture; web-share\" referrerpolicy=\"strict-origin-when-cross-origin\" allowfullscreen><\/iframe>\n<\/div><\/figure>\n\n\n\n<figure class=\"wp-block-embed is-type-video is-provider-youtube wp-block-embed-youtube wp-embed-aspect-16-9 wp-has-aspect-ratio\"><div class=\"wp-block-embed__wrapper\">\n<iframe loading=\"lazy\" title=\"SML Vancar H\u00f6yti\u00e4 enduro 2026, MK2 (V1.1)\" width=\"680\" height=\"383\" src=\"https:\/\/www.youtube.com\/embed\/G_DjGPiKXFE?feature=oembed\" frameborder=\"0\" allow=\"accelerometer; autoplay; clipboard-write; encrypted-media; gyroscope; picture-in-picture; web-share\" referrerpolicy=\"strict-origin-when-cross-origin\" allowfullscreen><\/iframe>\n<\/div><\/figure>\n\n\n\n<figure class=\"wp-block-embed is-type-video is-provider-youtube wp-block-embed-youtube wp-embed-aspect-16-9 wp-has-aspect-ratio\"><div class=\"wp-block-embed__wrapper\">\n<iframe loading=\"lazy\" title=\"SML Vancar H\u00f6yti\u00e4 enduro 2026, MK3\" width=\"680\" height=\"383\" src=\"https:\/\/www.youtube.com\/embed\/j02rTRXNf1s?feature=oembed\" frameborder=\"0\" allow=\"accelerometer; autoplay; clipboard-write; encrypted-media; gyroscope; picture-in-picture; web-share\" referrerpolicy=\"strict-origin-when-cross-origin\" allowfullscreen><\/iframe>\n<\/div><\/figure>\n\n\n\n<p>KILPAILUORGANISAATIO<\/p>\n\n\n\n<figure class=\"wp-block-table\"><table class=\"has-fixed-layout\"><tbody><tr><td>Kilpailun johtaja:<\/td><td>Timo Soanj\u00e4rvi<\/td><\/tr><tr><td>Kilpailun sihteeri:<\/td><td>Saara J\u00e4rvel\u00e4<\/td><\/tr><tr><td>Reittimestari:<\/td><td>Matti Oikari<\/td><\/tr><tr><td>Ajanottop\u00e4\u00e4llikk\u00f6:<\/td><td>Anssi Uuhiniemi<\/td><\/tr><tr><td>Ymp\u00e4rist\u00f6p\u00e4\u00e4llikk\u00f6:<\/td><td>Tero Valkonen<\/td><\/tr><tr><td>Varikkop\u00e4\u00e4llikk\u00f6<\/td><td>Tero Valkonen<\/td><\/tr><tr><td>Turvallisuusp\u00e4\u00e4llikk\u00f6<\/td><td>Eija Lahti<\/td><\/tr><tr><td>Katsastusp\u00e4\u00e4llikk\u00f6:<\/td><td>Harri Kirjavainen<\/td><\/tr><tr><td>Tiedottaja:<\/td><td>Ville Taipale<\/td><\/tr><\/tbody><\/table><\/figure>\n\n\n\n<p><\/p>\n<\/div>\n\n\n\n<div class=\"wp-block-column is-layout-flow wp-block-column-is-layout-flow\"><\/div>\n\n\n\n<div class=\"wp-block-column is-layout-flow wp-block-column-is-layout-flow\" style=\"flex-basis:33.33%\">\n<h2 class=\"wp-block-heading\">Mukana kisassa:<\/h2>\n\n\n\n<figure class=\"wp-block-image size-large\"><a href=\"https:\/\/www.vancar.fi\/\" target=\"_blank\" rel=\" noreferrer noopener\"><img loading=\"lazy\" decoding=\"async\" width=\"1024\" height=\"476\" src=\"https:\/\/jsens.fi\/wp-content\/uploads\/2025\/01\/VANCAR-1024x476.png\" alt=\"VANCAR\" class=\"wp-image-1191\" srcset=\"https:\/\/jsens.fi\/wp-content\/uploads\/2025\/01\/VANCAR-1024x476.png 1024w, https:\/\/jsens.fi\/wp-content\/uploads\/2025\/01\/VANCAR-300x140.png 300w, https:\/\/jsens.fi\/wp-content\/uploads\/2025\/01\/VANCAR-768x357.png 768w, https:\/\/jsens.fi\/wp-content\/uploads\/2025\/01\/VANCAR-1536x714.png 1536w, https:\/\/jsens.fi\/wp-content\/uploads\/2025\/01\/VANCAR.png 2000w\" sizes=\"auto, (max-width: 1024px) 100vw, 1024px\" \/><\/a><\/figure>\n\n\n\n<figure class=\"wp-block-image size-large\"><a href=\"https:\/\/kaivutyo.fi\/index.html\" target=\"_blank\" rel=\" noreferrer noopener\"><img loading=\"lazy\" decoding=\"async\" width=\"1024\" height=\"433\" src=\"https:\/\/jsens.fi\/wp-content\/uploads\/2025\/01\/Kaivutyo-Salmela-logo-2024-UUSI.cdr_-1024x433.png\" alt=\"Kaivuty\u00f6 Salmela\" class=\"wp-image-1195\" srcset=\"https:\/\/jsens.fi\/wp-content\/uploads\/2025\/01\/Kaivutyo-Salmela-logo-2024-UUSI.cdr_-1024x433.png 1024w, https:\/\/jsens.fi\/wp-content\/uploads\/2025\/01\/Kaivutyo-Salmela-logo-2024-UUSI.cdr_-300x127.png 300w, https:\/\/jsens.fi\/wp-content\/uploads\/2025\/01\/Kaivutyo-Salmela-logo-2024-UUSI.cdr_-768x324.png 768w, https:\/\/jsens.fi\/wp-content\/uploads\/2025\/01\/Kaivutyo-Salmela-logo-2024-UUSI.cdr_-1536x649.png 1536w, https:\/\/jsens.fi\/wp-content\/uploads\/2025\/01\/Kaivutyo-Salmela-logo-2024-UUSI.cdr_.png 2000w\" sizes=\"auto, (max-width: 1024px) 100vw, 1024px\" \/><\/a><figcaption class=\"wp-element-caption\"><a href=\"http:\/\/www.kaivutyo.fi\">http:\/\/www.kaivutyo.fi<\/a><\/figcaption><\/figure>\n\n\n\n<figure class=\"wp-block-gallery has-nested-images columns-default is-cropped wp-block-gallery-1 is-layout-flex wp-block-gallery-is-layout-flex\">\n<figure class=\"wp-block-image size-full\"><a href=\"https:\/\/marine.fi\/\" target=\"_blank\" rel=\" noreferrer noopener\"><img loading=\"lazy\" decoding=\"async\" width=\"296\" height=\"88\" data-id=\"292\" src=\"https:\/\/jsens.fi\/wp-content\/uploads\/2023\/02\/Marine-logo-landscape.png\" alt=\"Marine Oy\" class=\"wp-image-292\"\/><\/a><\/figure>\n<\/figure>\n\n\n\n<figure class=\"wp-block-image size-large\"><a href=\"https:\/\/www.satapiikki.fi\/\" target=\"_blank\" rel=\" noreferrer noopener\"><img loading=\"lazy\" decoding=\"async\" width=\"1024\" height=\"187\" src=\"https:\/\/jsens.fi\/wp-content\/uploads\/2025\/01\/satapiikki_logo_nettisivuille-1024x187.png\" alt=\"Satapiikki\" class=\"wp-image-1200\" srcset=\"https:\/\/jsens.fi\/wp-content\/uploads\/2025\/01\/satapiikki_logo_nettisivuille-1024x187.png 1024w, https:\/\/jsens.fi\/wp-content\/uploads\/2025\/01\/satapiikki_logo_nettisivuille-300x55.png 300w, https:\/\/jsens.fi\/wp-content\/uploads\/2025\/01\/satapiikki_logo_nettisivuille-768x140.png 768w, https:\/\/jsens.fi\/wp-content\/uploads\/2025\/01\/satapiikki_logo_nettisivuille-1536x281.png 1536w, https:\/\/jsens.fi\/wp-content\/uploads\/2025\/01\/satapiikki_logo_nettisivuille.png 1772w\" sizes=\"auto, (max-width: 1024px) 100vw, 1024px\" \/><\/a><\/figure>\n\n\n\n<figure class=\"wp-block-image size-full\"><a href=\"https:\/\/www.keljonkonehuolto.fi\/\" target=\"_blank\" rel=\" noreferrer noopener\"><img loading=\"lazy\" decoding=\"async\" width=\"500\" height=\"80\" src=\"https:\/\/jsens.fi\/wp-content\/uploads\/2025\/01\/logo_KeljonKonehuolto.png\" alt=\"\" class=\"wp-image-1205\" srcset=\"https:\/\/jsens.fi\/wp-content\/uploads\/2025\/01\/logo_KeljonKonehuolto.png 500w, https:\/\/jsens.fi\/wp-content\/uploads\/2025\/01\/logo_KeljonKonehuolto-300x48.png 300w\" sizes=\"auto, (max-width: 500px) 100vw, 500px\" \/><\/a><\/figure>\n\n\n\n<figure class=\"wp-block-gallery has-nested-images columns-default is-cropped wp-block-gallery-2 is-layout-flex wp-block-gallery-is-layout-flex\">\n<figure class=\"wp-block-image size-full\"><a href=\"https:\/\/www.facebook.com\/jannesuominenmotorsport\/?locale=fi_FI\" target=\"_blank\" rel=\" noreferrer noopener\"><img loading=\"lazy\" decoding=\"async\" width=\"2242\" height=\"528\" data-id=\"1445\" src=\"https:\/\/jsens.fi\/wp-content\/uploads\/2026\/01\/jannesuominenmotorsport_logo.png\" alt=\"\" class=\"wp-image-1445\" srcset=\"https:\/\/jsens.fi\/wp-content\/uploads\/2026\/01\/jannesuominenmotorsport_logo.png 2242w, https:\/\/jsens.fi\/wp-content\/uploads\/2026\/01\/jannesuominenmotorsport_logo-300x71.png 300w, https:\/\/jsens.fi\/wp-content\/uploads\/2026\/01\/jannesuominenmotorsport_logo-1024x241.png 1024w, https:\/\/jsens.fi\/wp-content\/uploads\/2026\/01\/jannesuominenmotorsport_logo-768x181.png 768w, https:\/\/jsens.fi\/wp-content\/uploads\/2026\/01\/jannesuominenmotorsport_logo-1536x362.png 1536w, https:\/\/jsens.fi\/wp-content\/uploads\/2026\/01\/jannesuominenmotorsport_logo-2048x482.png 2048w\" sizes=\"auto, (max-width: 2242px) 100vw, 2242px\" \/><\/a><\/figure>\n<\/figure>\n\n\n\n<figure class=\"wp-block-image size-full\"><a href=\"https:\/\/www.elegian.fi\/\" target=\"_blank\" rel=\" noreferrer noopener\"><img loading=\"lazy\" decoding=\"async\" width=\"412\" height=\"157\" src=\"https:\/\/jsens.fi\/wp-content\/uploads\/2025\/01\/Elegian_logo.png\" alt=\"\" class=\"wp-image-1308\" srcset=\"https:\/\/jsens.fi\/wp-content\/uploads\/2025\/01\/Elegian_logo.png 412w, https:\/\/jsens.fi\/wp-content\/uploads\/2025\/01\/Elegian_logo-300x114.png 300w\" sizes=\"auto, (max-width: 412px) 100vw, 412px\" \/><\/a><\/figure>\n\n\n\n<figure class=\"wp-block-image size-full\"><a href=\"http:\/\/www.promart.com\" target=\"_blank\" rel=\" noreferrer noopener\"><img loading=\"lazy\" decoding=\"async\" width=\"776\" height=\"218\" src=\"https:\/\/jsens.fi\/wp-content\/uploads\/2026\/02\/Promart_logo.png\" alt=\"\" class=\"wp-image-1467\" srcset=\"https:\/\/jsens.fi\/wp-content\/uploads\/2026\/02\/Promart_logo.png 776w, https:\/\/jsens.fi\/wp-content\/uploads\/2026\/02\/Promart_logo-300x84.png 300w, https:\/\/jsens.fi\/wp-content\/uploads\/2026\/02\/Promart_logo-768x216.png 768w\" sizes=\"auto, (max-width: 776px) 100vw, 776px\" \/><\/a><\/figure>\n\n\n\n<figure class=\"wp-block-image size-full\"><img loading=\"lazy\" decoding=\"async\" width=\"841\" height=\"254\" src=\"https:\/\/jsens.fi\/wp-content\/uploads\/2023\/02\/KVR-logo-rgb-medium.jpg\" alt=\"KVR\" class=\"wp-image-291\" srcset=\"https:\/\/jsens.fi\/wp-content\/uploads\/2023\/02\/KVR-logo-rgb-medium.jpg 841w, https:\/\/jsens.fi\/wp-content\/uploads\/2023\/02\/KVR-logo-rgb-medium-300x91.jpg 300w, https:\/\/jsens.fi\/wp-content\/uploads\/2023\/02\/KVR-logo-rgb-medium-768x232.jpg 768w\" sizes=\"auto, (max-width: 841px) 100vw, 841px\" \/><\/figure>\n\n\n\n<figure class=\"wp-block-image size-large\"><a href=\"https:\/\/www.seonmuikku.fi\/\" target=\"_blank\" rel=\" noreferrer noopener\"><img loading=\"lazy\" decoding=\"async\" width=\"1024\" height=\"725\" src=\"https:\/\/jsens.fi\/wp-content\/uploads\/2025\/01\/logo_rantamaenkala-1024x725.jpg\" alt=\"Rantam\u00e4enkala Oy\" class=\"wp-image-1203\" srcset=\"https:\/\/jsens.fi\/wp-content\/uploads\/2025\/01\/logo_rantamaenkala-1024x725.jpg 1024w, https:\/\/jsens.fi\/wp-content\/uploads\/2025\/01\/logo_rantamaenkala-300x212.jpg 300w, https:\/\/jsens.fi\/wp-content\/uploads\/2025\/01\/logo_rantamaenkala-768x543.jpg 768w, https:\/\/jsens.fi\/wp-content\/uploads\/2025\/01\/logo_rantamaenkala-1536x1087.jpg 1536w, https:\/\/jsens.fi\/wp-content\/uploads\/2025\/01\/logo_rantamaenkala.jpg 1754w\" sizes=\"auto, (max-width: 1024px) 100vw, 1024px\" \/><\/a><\/figure>\n\n\n\n<figure class=\"wp-block-image size-large\"><img loading=\"lazy\" decoding=\"async\" width=\"1024\" height=\"585\" src=\"https:\/\/jsens.fi\/wp-content\/uploads\/2025\/01\/terastyokukkola_logo_ja_slogan_vari-1024x585.jpg\" alt=\"\" class=\"wp-image-1355\" srcset=\"https:\/\/jsens.fi\/wp-content\/uploads\/2025\/01\/terastyokukkola_logo_ja_slogan_vari-1024x585.jpg 1024w, https:\/\/jsens.fi\/wp-content\/uploads\/2025\/01\/terastyokukkola_logo_ja_slogan_vari-300x172.jpg 300w, https:\/\/jsens.fi\/wp-content\/uploads\/2025\/01\/terastyokukkola_logo_ja_slogan_vari-768x439.jpg 768w, https:\/\/jsens.fi\/wp-content\/uploads\/2025\/01\/terastyokukkola_logo_ja_slogan_vari-1536x878.jpg 1536w, https:\/\/jsens.fi\/wp-content\/uploads\/2025\/01\/terastyokukkola_logo_ja_slogan_vari-2048x1171.jpg 2048w\" sizes=\"auto, (max-width: 1024px) 100vw, 1024px\" \/><\/figure>\n\n\n\n<figure class=\"wp-block-image size-full\"><a href=\"https:\/\/kuljetuspalvelujazi.com\/\" target=\"_blank\" rel=\" noreferrer noopener\"><img loading=\"lazy\" decoding=\"async\" width=\"863\" height=\"577\" src=\"https:\/\/jsens.fi\/wp-content\/uploads\/2025\/01\/Jazi_logo.png\" alt=\"\" class=\"wp-image-1309\" srcset=\"https:\/\/jsens.fi\/wp-content\/uploads\/2025\/01\/Jazi_logo.png 863w, https:\/\/jsens.fi\/wp-content\/uploads\/2025\/01\/Jazi_logo-300x201.png 300w, https:\/\/jsens.fi\/wp-content\/uploads\/2025\/01\/Jazi_logo-768x513.png 768w\" sizes=\"auto, (max-width: 863px) 100vw, 863px\" \/><\/a><\/figure>\n\n\n\n<figure class=\"wp-block-image size-large\"><a href=\"https:\/\/rightline.fi\/\" target=\"_blank\" rel=\" noreferrer noopener\"><img loading=\"lazy\" decoding=\"async\" width=\"615\" height=\"1024\" src=\"https:\/\/jsens.fi\/wp-content\/uploads\/2025\/01\/RL-615x1024.png\" alt=\"\" class=\"wp-image-1304\" srcset=\"https:\/\/jsens.fi\/wp-content\/uploads\/2025\/01\/RL-615x1024.png 615w, https:\/\/jsens.fi\/wp-content\/uploads\/2025\/01\/RL-180x300.png 180w, https:\/\/jsens.fi\/wp-content\/uploads\/2025\/01\/RL-768x1279.png 768w, https:\/\/jsens.fi\/wp-content\/uploads\/2025\/01\/RL-922x1536.png 922w, https:\/\/jsens.fi\/wp-content\/uploads\/2025\/01\/RL-1230x2048.png 1230w, https:\/\/jsens.fi\/wp-content\/uploads\/2025\/01\/RL.png 1248w\" sizes=\"auto, (max-width: 615px) 100vw, 615px\" \/><\/a><\/figure>\n\n\n\n<figure class=\"wp-block-image size-full\"><a href=\"https:\/\/www.srentola.fi\/\" target=\"_blank\" rel=\" noreferrer noopener\"><img loading=\"lazy\" decoding=\"async\" width=\"480\" height=\"301\" src=\"https:\/\/jsens.fi\/wp-content\/uploads\/2025\/01\/SahkotyoRentola_logo.png\" alt=\"\" class=\"wp-image-1310\" srcset=\"https:\/\/jsens.fi\/wp-content\/uploads\/2025\/01\/SahkotyoRentola_logo.png 480w, https:\/\/jsens.fi\/wp-content\/uploads\/2025\/01\/SahkotyoRentola_logo-300x188.png 300w\" sizes=\"auto, (max-width: 480px) 100vw, 480px\" \/><\/a><\/figure>\n\n\n\n<figure class=\"wp-block-image size-large\"><a href=\"https:\/\/www.facebook.com\/smarket.uurainen\/\" target=\"_blank\" rel=\" noreferrer noopener\"><img loading=\"lazy\" decoding=\"async\" width=\"1024\" height=\"692\" src=\"https:\/\/jsens.fi\/wp-content\/uploads\/2025\/01\/Logo_uuraistenSmarket_nettisivuille-1024x692.png\" alt=\"Uuraisten S-market\" class=\"wp-image-1201\" srcset=\"https:\/\/jsens.fi\/wp-content\/uploads\/2025\/01\/Logo_uuraistenSmarket_nettisivuille-1024x692.png 1024w, https:\/\/jsens.fi\/wp-content\/uploads\/2025\/01\/Logo_uuraistenSmarket_nettisivuille-300x203.png 300w, https:\/\/jsens.fi\/wp-content\/uploads\/2025\/01\/Logo_uuraistenSmarket_nettisivuille-768x519.png 768w, https:\/\/jsens.fi\/wp-content\/uploads\/2025\/01\/Logo_uuraistenSmarket_nettisivuille-1536x1038.png 1536w, https:\/\/jsens.fi\/wp-content\/uploads\/2025\/01\/Logo_uuraistenSmarket_nettisivuille.png 1752w\" sizes=\"auto, (max-width: 1024px) 100vw, 1024px\" \/><\/a><\/figure>\n<\/div>\n\n\n\n<div class=\"wp-block-column is-layout-flow wp-block-column-is-layout-flow\"><\/div>\n\n\n\n<div class=\"wp-block-column is-layout-flow wp-block-column-is-layout-flow\"><\/div>\n\n\n\n<div class=\"wp-block-column is-layout-flow wp-block-column-is-layout-flow\"><\/div>\n\n\n\n<div class=\"wp-block-column is-layout-flow wp-block-column-is-layout-flow\"><\/div>\n\n\n\n<div class=\"wp-block-column is-layout-flow wp-block-column-is-layout-flow\"><\/div>\n\n\n\n<div class=\"wp-block-column is-layout-flow wp-block-column-is-layout-flow\"><\/div>\n<\/div>\n","protected":false},"excerpt":{"rendered":"<p>Vancar H\u00f6yti\u00e4 enduro 2026 j\u00e4rjestet\u00e4\u00e4n 14.2.2026 Keski-Suomessa Jyv\u00e4skyl\u00e4n kupeessa. Reitti kulkee H\u00f6yti\u00e4ll\u00e4 ja luvassa on [&hellip;]<\/p>\n","protected":false},"author":7,"featured_media":0,"parent":0,"menu_order":0,"comment_status":"closed","ping_status":"closed","template":"template-full-width.php","meta":{"footnotes":""},"class_list":["post-1116","page","type-page","status-publish","hentry"],"_links":{"self":[{"href":"https:\/\/jsens.fi\/index.php?rest_route=\/wp\/v2\/pages\/1116","targetHints":{"allow":["GET"]}}],"collection":[{"href":"https:\/\/jsens.fi\/index.php?rest_route=\/wp\/v2\/pages"}],"about":[{"href":"https:\/\/jsens.fi\/index.php?rest_route=\/wp\/v2\/types\/page"}],"author":[{"embeddable":true,"href":"https:\/\/jsens.fi\/index.php?rest_route=\/wp\/v2\/users\/7"}],"replies":[{"embeddable":true,"href":"https:\/\/jsens.fi\/index.php?rest_route=%2Fwp%2Fv2%2Fcomments&post=1116"}],"version-history":[{"count":156,"href":"https:\/\/jsens.fi\/index.php?rest_route=\/wp\/v2\/pages\/1116\/revisions"}],"predecessor-version":[{"id":1566,"href":"https:\/\/jsens.fi\/index.php?rest_route=\/wp\/v2\/pages\/1116\/revisions\/1566"}],"wp:attachment":[{"href":"https:\/\/jsens.fi\/index.php?rest_route=%2Fwp%2Fv2%2Fmedia&parent=1116"}],"curies":[{"name":"wp","href":"https:\/\/api.w.org\/{rel}","templated":true}]}}